{"id":87,"date":"2024-06-19T09:45:30","date_gmt":"2024-06-19T07:45:30","guid":{"rendered":"http:\/\/www.kinzenburg.de\/?page_id=87"},"modified":"2024-06-19T10:20:12","modified_gmt":"2024-06-19T08:20:12","slug":"wappen","status":"publish","type":"page","link":"https:\/\/www.kinzenburg.de\/?page_id=87","title":{"rendered":"Wappen"},"content":{"rendered":"\n<p><strong>Blasonierung<\/strong><\/p>\n\n\n<div class=\"wp-block-image\">\n<figure class=\"alignright size-full\"><img loading=\"lazy\" decoding=\"async\" width=\"120\" height=\"139\" src=\"http:\/\/www.kinzenburg.de\/wp-content\/uploads\/2024\/06\/cropped-Wappen-Kinzenburg-freigestellt-120_139.gif\" alt=\"Grafik: Wappen der ortsgemeinde Kinzenburg\" class=\"wp-image-85\"\/><\/figure>\n<\/div>\n\n\n<p>Silber \u00fcber Rot durch blau-silbernen Wellenbalken schr\u00e4glinks geteilt, vorn ein rotes Sockelkreuz, Arme und Mittelschaft in angedeuteter Linienform endend, hinten ein silbernes Eschenblatt.<\/p>\n\n\n\n<p><strong>Wappenbegr\u00fcndung<\/strong><\/p>\n\n\n\n<p>Der Ort liegt zwischen L\u00fcnebach und Waxweiler am Westhang des Pr\u00fcmtals, nach Norden begrenzt vom Pr\u00fcmzufluss, dem Steinbach, im Wappen durch den Doppelwellenbach wiedergegeben. Zur Entstehung der Siedlung ist nur wenig bekannt. 1570 hie\u00df das Dorf Kuntzenbergh, was darauf hindeutet, dass der heutige Name nicht auf eine m\u00f6glicherweise inzwischen w\u00fcst gefallene Burg hinweist. Die Heroldsfarben Rot und Silber sind die Farben der Abtei Pr\u00fcm, des Kurf\u00fcrstentum Trier und von Sch\u00f6necken. Im sp\u00e4ten Mittelalter war ein Gro\u00dfteil der Region im Besitz der Abtei Pr\u00fcm, in der Neuzeit geh\u00f6rten innerhalb des Kondominiums Pronsfeld den Herrschaften Kurtrier und Sch\u00f6necken mehrere H\u00f6fe. Die Wappenfiguren bilden ein Sandstein-Sockelkreuz (mit Inschrift: anno 1779) und das Blatt einer Esche (ca. 200 bis 250 Jahre alt), die beide im unteren Ortsteil an der Hauptstra\u00dfe des Dorfes stehen.<\/p>\n\n\n\n<p><strong>Entwurf, Zeichnung und Text<\/strong><\/p>\n\n\n\n<p>Dr. Christian Credner, Trier, mit Unterst\u00fctzung durch Michael Kandels (Ortsb\u00fcrgermeister) und die Mitglieder des Gemeinderats: Thomas Biehl, Helmut Fuchs, G\u00fcnter Kr\u00e4mer, Gaby Ludwig und Johann Niesen.<br>Trier und Kinzenburg, August 2023<\/p>\n","protected":false},"excerpt":{"rendered":"<p>Blasonierung Silber \u00fcber Rot durch blau-silbernen Wellenbalken schr\u00e4glinks geteilt, vorn ein rotes Sockelkreuz, Arme und Mittelschaft in angedeuteter Linienform endend, hinten ein silbernes Eschenblatt. Wappenbegr\u00fcndung Der Ort liegt zwischen L\u00fcnebach und Waxweiler am Westhang des Pr\u00fcmtals, nach Norden begrenzt vom<\/p>\n","protected":false},"author":1,"featured_media":0,"parent":0,"menu_order":0,"comment_status":"closed","ping_status":"closed","template":"","meta":{"footnotes":""},"class_list":["post-87","page","type-page","status-publish","hentry"],"_links":{"self":[{"href":"https:\/\/www.kinzenburg.de\/index.php?rest_route=\/wp\/v2\/pages\/87","targetHints":{"allow":["GET"]}}],"collection":[{"href":"https:\/\/www.kinzenburg.de\/index.php?rest_route=\/wp\/v2\/pages"}],"about":[{"href":"https:\/\/www.kinzenburg.de\/index.php?rest_route=\/wp\/v2\/types\/page"}],"author":[{"embeddable":true,"href":"https:\/\/www.kinzenburg.de\/index.php?rest_route=\/wp\/v2\/users\/1"}],"replies":[{"embeddable":true,"href":"https:\/\/www.kinzenburg.de\/index.php?rest_route=%2Fwp%2Fv2%2Fcomments&post=87"}],"version-history":[{"count":3,"href":"https:\/\/www.kinzenburg.de\/index.php?rest_route=\/wp\/v2\/pages\/87\/revisions"}],"predecessor-version":[{"id":93,"href":"https:\/\/www.kinzenburg.de\/index.php?rest_route=\/wp\/v2\/pages\/87\/revisions\/93"}],"wp:attachment":[{"href":"https:\/\/www.kinzenburg.de\/index.php?rest_route=%2Fwp%2Fv2%2Fmedia&parent=87"}],"curies":[{"name":"wp","href":"https:\/\/api.w.org\/{rel}","templated":true}]}}